{"id":4334,"date":"2021-06-30T15:38:26","date_gmt":"2021-06-30T15:38:26","guid":{"rendered":"https:\/\/www.leitzaran-andoain.eus\/?page_id=4334\/"},"modified":"2025-02-24T13:49:22","modified_gmt":"2025-02-24T12:49:22","slug":"viaferrataleitzaran","status":"publish","type":"page","link":"https:\/\/www.leitzaran-andoain.eus\/es\/viaferrataleitzaran\/","title":{"rendered":"FERRATA LEITZARAN"},"content":{"rendered":"<p>[et_pb_section fb_built=\u00bb1&#8243; admin_label=\u00bbsection\u00bb _builder_version=\u00bb3.22&#8243; background_color=\u00bb#a3d2d6&#8243;][et_pb_row column_structure=\u00bb1_2,1_2&#8243; admin_label=\u00bbfila\u00bb _builder_version=\u00bb3.25&#8243; background_size=\u00bbinitial\u00bb background_position=\u00bbtop_left\u00bb background_repeat=\u00bbrepeat\u00bb][et_pb_column type=\u00bb1_2&#8243; _builder_version=\u00bb3.25&#8243; custom_padding=\u00bb|||\u00bb custom_padding__hover=\u00bb|||\u00bb][et_pb_text admin_label=\u00bbText\u00bb _builder_version=\u00bb3.27.4&#8243; header_font=\u00bbGloria Hallelujah||||\u00bb header_font_size=\u00bb50px\u00bb background_size=\u00bbinitial\u00bb background_position=\u00bbtop_left\u00bb background_repeat=\u00bbrepeat\u00bb]<\/p>\n<h1 style=\"padding-left: 30px;\">V\u00eda Ferrata Leitzaran<\/h1>\n<h2 style=\"text-align: right;\">Visita guiada interpretada en altura<\/h2>\n<p>[\/et_pb_text][et_pb_code _builder_version=\u00bb4.9.7&#8243; _module_preset=\u00bbdefault\u00bb]<!-- FareHarbor calendar of item #609706 --><!-- [et_pb_line_break_holder] --><script src=\"https:\/\/fareharbor.com\/embeds\/script\/calendar-small\/leitzaranandoain\/items\/609706\/?fallback=simple&#038;full-items=yes&#038;flow=1339062\"><\/script>[\/et_pb_code][et_pb_code _builder_version=\u00bb4.9.7&#8243; _module_preset=\u00bbdefault\u00bb min_height=\u00bb25px\u00bb custom_margin=\u00bb-1px|||||\u00bb]<\/p>\n<div class=\"load-turitop\" data-service=\"P1\" data-lang=\"es\"  data-embed=\"box\"><\/div>\n<p>[\/et_pb_code][et_pb_image src=\u00bbhttps:\/\/www.leitzaran-andoain.eus\/wp-content\/uploads\/2021\/06\/Ferrata-marrazkia-03-txikia.jpg\u00bb align_tablet=\u00bbcenter\u00bb align_phone=\u00bb\u00bb align_last_edited=\u00bbon|desktop\u00bb admin_label=\u00bbImage\u00bb _builder_version=\u00bb3.23&#8243; animation=\u00bboff\u00bb][\/et_pb_image][et_pb_code _builder_version=\u00bb4.9.7&#8243; _module_preset=\u00bbdefault\u00bb]<iframe loading=\"lazy\" width=\"560\" height=\"315\" src=\"https:\/\/www.youtube.com\/embed\/ELU3Dk8awUA?si=k58SJUNbZOY8f3JR&#038;start=60\" title=\"YouTube video player\" frameborder=\"0\" allow=\"accelerometer; autoplay; clipboard-write; encrypted-media; gyroscope; picture-in-picture; web-share\" referrerpolicy=\"strict-origin-when-cross-origin\" allowfullscreen><\/iframe>[\/et_pb_code][et_pb_cta title=\u00bb\u00bfDE QU\u00c9 SE TRATA?\u00bb button_text=\u00bbVer pdf\u00bb admin_label=\u00bbLlamada a la acci\u00f3n\u00bb _builder_version=\u00bb3.16&#8243; body_font_size=\u00bb16&#8243; background_color=\u00bbrgba(0,0,0,0.44)\u00bb background_size=\u00bbinitial\u00bb background_position=\u00bbtop_left\u00bb background_repeat=\u00bbrepeat\u00bb text_orientation=\u00bbleft\u00bb button_text_size__hover_enabled=\u00bboff\u00bb button_one_text_size__hover_enabled=\u00bboff\u00bb button_two_text_size__hover_enabled=\u00bboff\u00bb button_text_color__hover_enabled=\u00bboff\u00bb button_one_text_color__hover_enabled=\u00bboff\u00bb button_two_text_color__hover_enabled=\u00bboff\u00bb button_border_width__hover_enabled=\u00bboff\u00bb button_one_border_width__hover_enabled=\u00bboff\u00bb button_two_border_width__hover_enabled=\u00bboff\u00bb button_border_color__hover_enabled=\u00bboff\u00bb button_one_border_color__hover_enabled=\u00bboff\u00bb button_two_border_color__hover_enabled=\u00bboff\u00bb button_border_radius__hover_enabled=\u00bboff\u00bb button_one_border_radius__hover_enabled=\u00bboff\u00bb button_two_border_radius__hover_enabled=\u00bboff\u00bb button_letter_spacing__hover_enabled=\u00bboff\u00bb button_one_letter_spacing__hover_enabled=\u00bboff\u00bb button_two_letter_spacing__hover_enabled=\u00bboff\u00bb button_bg_color__hover_enabled=\u00bboff\u00bb button_one_bg_color__hover_enabled=\u00bboff\u00bb button_two_bg_color__hover_enabled=\u00bboff\u00bb]<\/p>\n<p><em><strong>Conocemos el valle de Leitzaran desde un punto de vista nunca antes visto. Los secretos del entorno natural, las peculiaridades del valle, las leyendas\u2026 acompa\u00f1ados de un gu\u00eda mientras realizamos nuestro camino por v\u00eda ferrata.<\/strong><\/em><\/p>\n<p>La actividad comienza en el Centro de Visitantes de Leitzaran. All\u00ed os encontrar\u00e9is con el gu\u00eda que os explicar\u00e1 d\u00f3nde est\u00e1is e informaci\u00f3n interesante sobre el Valle de Leitzaran. <br \/>Cada participante tendr\u00e1 listo su propio material, y despu\u00e9s de escuchar las explicaciones del gu\u00eda, cada uno se pondr\u00e1 su propio equipo.<\/p>\n<p>Al llegar al inicio de la ruta de la v\u00eda ferrata encontraremos una zona de entrenamiento para familiarizarnos con el uso del material,y desde all\u00ed llegaremos a la tirolina que nos ayudar\u00e1 a cruzar el r\u00edo. Con una longitud de unos 70 metros y una altura de unos 16 metros, pasaremos \u201cvolando como brujas\u201d para luego adentrarnos en el valle mediante la v\u00eda ferrata de 220 metros de largo.<\/p>\n<p>Siguiendo la ruta marcada por la v\u00eda, realizaremos 4 paradas de inter\u00e9s, donde a trav\u00e9s de diferentes experiencias podremos sentir y conocer de cerca el valle de Leitzaran.<br \/>Desde el inicio nos encontraremos con la l\u00ednea de seguridad que marca el recorrido, donde pasaremos por cinco paredes verticales con grapas, presas, escaleras, rocas que nos ayudar\u00e1n a llegar a lo alto de la colina.<br \/>Finalizaremos en una pista forestal desde donde volvemos al Centro de Visitantes de Leitzaran.<\/p>\n<p>[\/et_pb_cta][et_pb_cta title=\u00bbDATOS T\u00c9CNICOS\u00bb button_text=\u00bbVer pdf\u00bb admin_label=\u00bbLlamada a la acci\u00f3n\u00bb _builder_version=\u00bb3.16&#8243; header_text_color=\u00bb#a3d2d6&#8243; body_font=\u00bbLato|on|||\u00bb body_font_size=\u00bb20&#8243; body_letter_spacing=\u00bb2px\u00bb background_color=\u00bb#ffffff\u00bb background_size=\u00bbinitial\u00bb background_position=\u00bbtop_left\u00bb background_repeat=\u00bbrepeat\u00bb text_orientation=\u00bbleft\u00bb custom_margin=\u00bb||36px|||\u00bb border_width_all=\u00bb0px\u00bb border_color_all=\u00bb#ffffff\u00bb border_style_all=\u00bbsolid\u00bb use_border_color=\u00bbon\u00bb button_text_size__hover_enabled=\u00bboff\u00bb button_one_text_size__hover_enabled=\u00bboff\u00bb button_two_text_size__hover_enabled=\u00bboff\u00bb button_text_color__hover_enabled=\u00bboff\u00bb button_one_text_color__hover_enabled=\u00bboff\u00bb button_two_text_color__hover_enabled=\u00bboff\u00bb button_border_width__hover_enabled=\u00bboff\u00bb button_one_border_width__hover_enabled=\u00bboff\u00bb button_two_border_width__hover_enabled=\u00bboff\u00bb button_border_color__hover_enabled=\u00bboff\u00bb button_one_border_color__hover_enabled=\u00bboff\u00bb button_two_border_color__hover_enabled=\u00bboff\u00bb button_border_radius__hover_enabled=\u00bboff\u00bb button_one_border_radius__hover_enabled=\u00bboff\u00bb button_two_border_radius__hover_enabled=\u00bboff\u00bb button_letter_spacing__hover_enabled=\u00bboff\u00bb button_one_letter_spacing__hover_enabled=\u00bboff\u00bb button_two_letter_spacing__hover_enabled=\u00bboff\u00bb button_bg_color__hover_enabled=\u00bboff\u00bb button_one_bg_color__hover_enabled=\u00bboff\u00bb button_two_bg_color__hover_enabled=\u00bboff\u00bb]<img loading=\"lazy\" class=\"wp-image-4356 alignleft\" src=\"https:\/\/www.leitzaran-andoain.eus\/wp-content\/uploads\/2021\/06\/Ferrata-marrazkia-02-distancia-150x150.jpg\" alt=\"\" width=\"120\" height=\"120\" \/> <img loading=\"lazy\" class=\"wp-image-4355 alignleft\" src=\"https:\/\/www.leitzaran-andoain.eus\/wp-content\/uploads\/2021\/06\/Ferrata-marrazkia-02-zailtasuna-150x150.jpg\" alt=\"\" width=\"120\" height=\"120\" \/> <img loading=\"lazy\" class=\"wp-image-4354 alignleft\" src=\"https:\/\/www.leitzaran-andoain.eus\/wp-content\/uploads\/2021\/06\/Ferrata-marrazkia-02-duraci\u00f3n-e1625070642460-150x150.jpg\" alt=\"\" width=\"120\" height=\"120\" \/><\/p>\n<p>da[\/et_pb_cta][et_pb_cta title=\u00bbINCLUYE\u00bb button_text=\u00bbVer pdf\u00bb admin_label=\u00bbLlamada a la acci\u00f3n\u00bb _builder_version=\u00bb3.16&#8243; body_font_size=\u00bb16&#8243; background_color=\u00bbrgba(0,0,0,0.44)\u00bb background_size=\u00bbinitial\u00bb background_position=\u00bbtop_left\u00bb background_repeat=\u00bbrepeat\u00bb text_orientation=\u00bbleft\u00bb button_text_size__hover_enabled=\u00bboff\u00bb button_one_text_size__hover_enabled=\u00bboff\u00bb button_two_text_size__hover_enabled=\u00bboff\u00bb button_text_color__hover_enabled=\u00bboff\u00bb button_one_text_color__hover_enabled=\u00bboff\u00bb button_two_text_color__hover_enabled=\u00bboff\u00bb button_border_width__hover_enabled=\u00bboff\u00bb button_one_border_width__hover_enabled=\u00bboff\u00bb button_two_border_width__hover_enabled=\u00bboff\u00bb button_border_color__hover_enabled=\u00bboff\u00bb button_one_border_color__hover_enabled=\u00bboff\u00bb button_two_border_color__hover_enabled=\u00bboff\u00bb button_border_radius__hover_enabled=\u00bboff\u00bb button_one_border_radius__hover_enabled=\u00bboff\u00bb button_two_border_radius__hover_enabled=\u00bboff\u00bb button_letter_spacing__hover_enabled=\u00bboff\u00bb button_one_letter_spacing__hover_enabled=\u00bboff\u00bb button_two_letter_spacing__hover_enabled=\u00bboff\u00bb button_bg_color__hover_enabled=\u00bboff\u00bb button_one_bg_color__hover_enabled=\u00bboff\u00bb button_two_bg_color__hover_enabled=\u00bboff\u00bb]<\/p>\n<p>&#8211; Actividad con gu\u00eda especializado.<br \/>&#8211; Material t\u00e9cnico necesario para realizar la actividad.<br \/>&#8211; Seguro de Responsabilidad Civil Y Seguro de Accidentes<\/p>\n<p>[\/et_pb_cta][et_pb_cta title=\u00bbSE DEBE TRAER\u00bb button_text=\u00bbVer pdf\u00bb admin_label=\u00bbLlamada a la acci\u00f3n\u00bb _builder_version=\u00bb3.16&#8243; body_font_size=\u00bb16&#8243; background_color=\u00bbrgba(0,0,0,0.44)\u00bb background_size=\u00bbinitial\u00bb background_position=\u00bbtop_left\u00bb background_repeat=\u00bbrepeat\u00bb text_orientation=\u00bbleft\u00bb button_text_size__hover_enabled=\u00bboff\u00bb button_one_text_size__hover_enabled=\u00bboff\u00bb button_two_text_size__hover_enabled=\u00bboff\u00bb button_text_color__hover_enabled=\u00bboff\u00bb button_one_text_color__hover_enabled=\u00bboff\u00bb button_two_text_color__hover_enabled=\u00bboff\u00bb button_border_width__hover_enabled=\u00bboff\u00bb button_one_border_width__hover_enabled=\u00bboff\u00bb button_two_border_width__hover_enabled=\u00bboff\u00bb button_border_color__hover_enabled=\u00bboff\u00bb button_one_border_color__hover_enabled=\u00bboff\u00bb button_two_border_color__hover_enabled=\u00bboff\u00bb button_border_radius__hover_enabled=\u00bboff\u00bb button_one_border_radius__hover_enabled=\u00bboff\u00bb button_two_border_radius__hover_enabled=\u00bboff\u00bb button_letter_spacing__hover_enabled=\u00bboff\u00bb button_one_letter_spacing__hover_enabled=\u00bboff\u00bb button_two_letter_spacing__hover_enabled=\u00bboff\u00bb button_bg_color__hover_enabled=\u00bboff\u00bb button_one_bg_color__hover_enabled=\u00bboff\u00bb button_two_bg_color__hover_enabled=\u00bboff\u00bb]<\/p>\n<p>&#8211; Botas de monta\u00f1a o zapatillas de monta\u00f1a, para andar por terreno irregular y resbaladizo.<br \/>&#8211; Participantes con el pelo largo; es obligatorio que se recojan el pelo con una goma.<br \/>&#8211; Recomendaciones: ropa y calzado de recambio.<\/p>\n<p>[\/et_pb_cta][\/et_pb_column][et_pb_column type=\u00bb1_2&#8243; _builder_version=\u00bb3.25&#8243; custom_padding=\u00bb|||\u00bb custom_padding__hover=\u00bb|||\u00bb][et_pb_cta title=\u00bbIndispensable\u00bb button_text=\u00bbVer pdf\u00bb admin_label=\u00bbLlamada a la acci\u00f3n\u00bb _builder_version=\u00bb3.16&#8243; header_text_color=\u00bb#a3d2d6&#8243; body_font=\u00bbLato|on|||\u00bb body_font_size=\u00bb20&#8243; body_letter_spacing=\u00bb2px\u00bb background_color=\u00bbrgba(0,0,0,0.44)\u00bb background_size=\u00bbinitial\u00bb background_position=\u00bbtop_left\u00bb background_repeat=\u00bbrepeat\u00bb text_orientation=\u00bbleft\u00bb custom_padding=\u00bb|0px||||\u00bb border_width_all=\u00bb0px\u00bb border_color_all=\u00bb#ffffff\u00bb border_style_all=\u00bbsolid\u00bb use_border_color=\u00bbon\u00bb button_text_size__hover_enabled=\u00bboff\u00bb button_one_text_size__hover_enabled=\u00bboff\u00bb button_two_text_size__hover_enabled=\u00bboff\u00bb button_text_color__hover_enabled=\u00bboff\u00bb button_one_text_color__hover_enabled=\u00bboff\u00bb button_two_text_color__hover_enabled=\u00bboff\u00bb button_border_width__hover_enabled=\u00bboff\u00bb button_one_border_width__hover_enabled=\u00bboff\u00bb button_two_border_width__hover_enabled=\u00bboff\u00bb button_border_color__hover_enabled=\u00bboff\u00bb button_one_border_color__hover_enabled=\u00bboff\u00bb button_two_border_color__hover_enabled=\u00bboff\u00bb button_border_radius__hover_enabled=\u00bboff\u00bb button_one_border_radius__hover_enabled=\u00bboff\u00bb button_two_border_radius__hover_enabled=\u00bboff\u00bb button_letter_spacing__hover_enabled=\u00bboff\u00bb button_one_letter_spacing__hover_enabled=\u00bboff\u00bb button_two_letter_spacing__hover_enabled=\u00bboff\u00bb button_bg_color__hover_enabled=\u00bboff\u00bb button_one_bg_color__hover_enabled=\u00bboff\u00bb button_two_bg_color__hover_enabled=\u00bboff\u00bb]<\/p>\n<p style=\"text-align: center;\">M\u00ednimo 140cm altura y m\u00e1ximo 120kg<br \/>\nRopa y calzado adecuados<\/p>\n<p>[\/et_pb_cta][et_pb_cta title=\u00bbPRECIO\u00bb button_url=\u00bbhttps:\/\/fareharbor.com\/embeds\/book\/leitzaranandoain\/items\/609706\/?full-items=yes&#038;flow=1339062&#8243; button_text=\u00bbRESERVA AHORA\u00bb admin_label=\u00bbLlamada a la acci\u00f3n\u00bb _builder_version=\u00bb4.9.7&#8243; header_text_color=\u00bb#a3d2d6&#8243; body_font=\u00bbLato|on|||\u00bb body_font_size=\u00bb20&#8243; body_letter_spacing=\u00bb2px\u00bb background_color=\u00bbrgba(0,0,0,0.44)\u00bb background_size=\u00bbinitial\u00bb background_position=\u00bbtop_left\u00bb background_repeat=\u00bbrepeat\u00bb button_alignment=\u00bbcenter\u00bb text_orientation=\u00bbleft\u00bb border_width_all=\u00bb0px\u00bb border_color_all=\u00bb#ffffff\u00bb border_style_all=\u00bbsolid\u00bb use_border_color=\u00bbon\u00bb button_text_size__hover_enabled=\u00bboff\u00bb button_one_text_size__hover_enabled=\u00bboff\u00bb button_two_text_size__hover_enabled=\u00bboff\u00bb button_text_color__hover_enabled=\u00bboff\u00bb button_one_text_color__hover_enabled=\u00bboff\u00bb button_two_text_color__hover_enabled=\u00bboff\u00bb button_border_width__hover_enabled=\u00bboff\u00bb button_one_border_width__hover_enabled=\u00bboff\u00bb button_two_border_width__hover_enabled=\u00bboff\u00bb button_border_color__hover_enabled=\u00bboff\u00bb button_one_border_color__hover_enabled=\u00bboff\u00bb button_two_border_color__hover_enabled=\u00bboff\u00bb button_border_radius__hover_enabled=\u00bboff\u00bb button_one_border_radius__hover_enabled=\u00bboff\u00bb button_two_border_radius__hover_enabled=\u00bboff\u00bb button_letter_spacing__hover_enabled=\u00bboff\u00bb button_one_letter_spacing__hover_enabled=\u00bboff\u00bb button_two_letter_spacing__hover_enabled=\u00bboff\u00bb button_bg_color__hover_enabled=\u00bboff\u00bb button_one_bg_color__hover_enabled=\u00bboff\u00bb button_two_bg_color__hover_enabled=\u00bboff\u00bb]<\/p>\n<h3 style=\"text-align: center;\"><span style=\"font-size: xx-large;\">38\u20ac<\/span> TARIFA NORMAL<\/h3>\n<p>[\/et_pb_cta][et_pb_cta title=\u00bbDESCUENTOS\u00bb button_text=\u00bbVer pdf\u00bb admin_label=\u00bbLlamada a la acci\u00f3n\u00bb _builder_version=\u00bb3.16&#8243; body_font_size=\u00bb16&#8243; background_color=\u00bbrgba(0,0,0,0.44)\u00bb background_size=\u00bbinitial\u00bb background_position=\u00bbtop_left\u00bb background_repeat=\u00bbrepeat\u00bb text_orientation=\u00bbleft\u00bb button_text_size__hover_enabled=\u00bboff\u00bb button_one_text_size__hover_enabled=\u00bboff\u00bb button_two_text_size__hover_enabled=\u00bboff\u00bb button_text_color__hover_enabled=\u00bboff\u00bb button_one_text_color__hover_enabled=\u00bboff\u00bb button_two_text_color__hover_enabled=\u00bboff\u00bb button_border_width__hover_enabled=\u00bboff\u00bb button_one_border_width__hover_enabled=\u00bboff\u00bb button_two_border_width__hover_enabled=\u00bboff\u00bb button_border_color__hover_enabled=\u00bboff\u00bb button_one_border_color__hover_enabled=\u00bboff\u00bb button_two_border_color__hover_enabled=\u00bboff\u00bb button_border_radius__hover_enabled=\u00bboff\u00bb button_one_border_radius__hover_enabled=\u00bboff\u00bb button_two_border_radius__hover_enabled=\u00bboff\u00bb button_letter_spacing__hover_enabled=\u00bboff\u00bb button_one_letter_spacing__hover_enabled=\u00bboff\u00bb button_two_letter_spacing__hover_enabled=\u00bboff\u00bb button_bg_color__hover_enabled=\u00bboff\u00bb button_one_bg_color__hover_enabled=\u00bboff\u00bb button_two_bg_color__hover_enabled=\u00bboff\u00bb]<\/p>\n<div>\n<ul>\n<li style=\"text-align: left;\">GAZTE TXARTELA DESCUENTO EN LA FERRATA %20 \u2014&gt; utiliza el c\u00f3digo: <span style=\"color: #e1ed5e;\"><strong>#LEITZARANGAZTE (se debe presentar presencialmente)<\/strong><\/span><\/li>\n<li style=\"text-align: left;\">FAMILIA NUMEROSA %20 \u2014&gt; utiliza el c\u00f3digo: <span style=\"color: #cecc52;\">#<strong>LEITZARANHIRUKIDE<\/strong><\/span><\/li>\n<\/ul>\n<\/div>\n<p>[\/et_pb_cta][et_pb_cta title=\u00bbLa v\u00eda ferrata es f\u00e1cil, ideal para gente que nunca la ha hecho\u00bb url_new_window=\u00bbon\u00bb admin_label=\u00bbLlamada a la acci\u00f3n\u00bb _builder_version=\u00bb4.9.7&#8243; header_font=\u00bbGloria Hallelujah||||\u00bb background_color=\u00bb#717174&#8243; background_size=\u00bbinitial\u00bb background_position=\u00bbtop_left\u00bb background_repeat=\u00bbrepeat\u00bb text_orientation=\u00bbleft\u00bb button_text_size__hover_enabled=\u00bboff\u00bb button_one_text_size__hover_enabled=\u00bboff\u00bb button_two_text_size__hover_enabled=\u00bboff\u00bb button_text_color__hover_enabled=\u00bboff\u00bb button_one_text_color__hover_enabled=\u00bboff\u00bb button_two_text_color__hover_enabled=\u00bboff\u00bb button_border_width__hover_enabled=\u00bboff\u00bb button_one_border_width__hover_enabled=\u00bboff\u00bb button_two_border_width__hover_enabled=\u00bboff\u00bb button_border_color__hover_enabled=\u00bboff\u00bb button_one_border_color__hover_enabled=\u00bboff\u00bb button_two_border_color__hover_enabled=\u00bboff\u00bb button_border_radius__hover_enabled=\u00bboff\u00bb button_one_border_radius__hover_enabled=\u00bboff\u00bb button_two_border_radius__hover_enabled=\u00bboff\u00bb button_letter_spacing__hover_enabled=\u00bboff\u00bb button_one_letter_spacing__hover_enabled=\u00bboff\u00bb button_two_letter_spacing__hover_enabled=\u00bboff\u00bb button_bg_color__hover_enabled=\u00bboff\u00bb button_one_bg_color__hover_enabled=\u00bboff\u00bb button_two_bg_color__hover_enabled=\u00bboff\u00bb]<\/p>\n<p>Aun as\u00ed, habr\u00e1 un gu\u00eda contigo en todo momento.<\/p>\n<p>[\/et_pb_cta][et_pb_cta title=\u00bbTratamiento ling\u00fc\u00edstico de la actividad\u00bb url_new_window=\u00bbon\u00bb admin_label=\u00bbLlamada a la acci\u00f3n\u00bb _builder_version=\u00bb4.9.7&#8243; header_font=\u00bbGloria Hallelujah||||\u00bb background_color=\u00bb#717174&#8243; background_size=\u00bbinitial\u00bb background_position=\u00bbtop_left\u00bb background_repeat=\u00bbrepeat\u00bb text_orientation=\u00bbleft\u00bb inline_fonts=\u00bbActor\u00bb button_text_size__hover_enabled=\u00bboff\u00bb button_one_text_size__hover_enabled=\u00bboff\u00bb button_two_text_size__hover_enabled=\u00bboff\u00bb button_text_color__hover_enabled=\u00bboff\u00bb button_one_text_color__hover_enabled=\u00bboff\u00bb button_two_text_color__hover_enabled=\u00bboff\u00bb button_border_width__hover_enabled=\u00bboff\u00bb button_one_border_width__hover_enabled=\u00bboff\u00bb button_two_border_width__hover_enabled=\u00bboff\u00bb button_border_color__hover_enabled=\u00bboff\u00bb button_one_border_color__hover_enabled=\u00bboff\u00bb button_two_border_color__hover_enabled=\u00bboff\u00bb button_border_radius__hover_enabled=\u00bboff\u00bb button_one_border_radius__hover_enabled=\u00bboff\u00bb button_two_border_radius__hover_enabled=\u00bboff\u00bb button_letter_spacing__hover_enabled=\u00bboff\u00bb button_one_letter_spacing__hover_enabled=\u00bboff\u00bb button_two_letter_spacing__hover_enabled=\u00bboff\u00bb button_bg_color__hover_enabled=\u00bboff\u00bb button_one_bg_color__hover_enabled=\u00bboff\u00bb button_two_bg_color__hover_enabled=\u00bboff\u00bb]<\/p>\n<p style=\"text-align: center;\"><span style=\"font-size: large;\">La visita interpretada y explicaciones relacionadas con la actividad se realizan en Euskara, Castellano o ingl\u00e9s. En caso de biling\u00fce se adaptar\u00e1 al grupo para que todas las personas est\u00e9is c\u00f3modos\/as.<\/span><\/p>\n<p>[\/et_pb_cta][et_pb_testimonial author=\u00bbLeire F.\u00bb portrait_url=\u00bbhttps:\/\/www.leitzaran-andoain.eus\/wp-content\/uploads\/2024\/10\/leitzaran-ferrata-bidea-e1730374272407.jpg\u00bb _builder_version=\u00bb4.9.7&#8243; _module_preset=\u00bbdefault\u00bb]<\/p>\n<div class=\"Jtu6Td\"><span jscontroller=\"MZnM8e\" jsaction=\"rcuQ6b:npT2md\"><span data-expandable-section=\"\" tabindex=\"-1\"><span id=\"TBiyHc\">!5 estrellas porque el sitio es espectacular<br \/>La ferrata es \u201cf\u00e1cil\u201d y se hace muy amena especialmente porque el monitor pone mucho empe\u00f1o en explicar, ayudar y contextualizar un poco con la historia del entorno.<br \/>Gracias<\/span><br \/><\/span><\/span><em>Agosto 2024<\/em><\/div>\n<p>[\/et_pb_testimonial][et_pb_testimonial author=\u00bbAne D.\u00bb portrait_url=\u00bbhttps:\/\/www.leitzaran-andoain.eus\/wp-content\/uploads\/2024\/04\/leitzaran-via-ferrata-bezeroak-3.jpg\u00bb _builder_version=\u00bb4.9.7&#8243; _module_preset=\u00bbdefault\u00bb]<\/p>\n<div class=\"Jtu6Td\"><span jscontroller=\"MZnM8e\" jsaction=\"rcuQ6b:npT2md\"><span data-expandable-section=\"\" tabindex=\"-1\">Experiencia muy divertida, y es muy buena para tener una primera toma de contacto con el mundillo de las v\u00edas ferratas. Adem\u00e1s, todo lo mejor\u00f3 la monitora, Leire, que nos di\u00f3 muy buenas explicaciones, con mucha profesionalidad y unas risas!! Volveremos \ud83d\ude42<br \/><\/span><\/span><em>Marzo 2024<\/em><\/div>\n<p>[\/et_pb_testimonial][et_pb_testimonial author=\u00bbPatri E.\u00bb portrait_url=\u00bbhttps:\/\/www.leitzaran-andoain.eus\/wp-content\/uploads\/2024\/04\/leitzaran-ferrata-bidea.jpg\u00bb _builder_version=\u00bb4.9.7&#8243; _module_preset=\u00bbdefault\u00bb]<\/p>\n<div class=\"Jtu6Td\"><span jscontroller=\"MZnM8e\" jsaction=\"rcuQ6b:npT2md\"><span data-expandable-section=\"\" tabindex=\"-1\"><span jsaction=\"lQqO9c:TvD9Pc;vp3PF:MHYjYb;Px5U0:TU3G2e\" jsowner=\"ow98\"><span jsslot=\"\"><span class=\"f5axBf\" jsaction=\"g6zesc\" data-ved=\"2ahUKEwjRzvzL68iFAxV5BdsEHWEeCnQQjSt6BQgBEKwB\"><span class=\"review-full-text\">Hicimos la v\u00eda ferrata de la Casa de Visitantes de Leitzara con la gu\u00eda Leire. Fue una experiencia maravillosa, tambi\u00e9n nos habl\u00f3 sobre la flora y fauna local y disfrutamos mucho de la zona y de esta gran actividad.<\/span><\/span><\/span><\/span><\/span><\/span><\/div>\n<div class=\"Jtu6Td\"><span jscontroller=\"MZnM8e\" jsaction=\"rcuQ6b:npT2md\"><span data-expandable-section=\"\" tabindex=\"-1\"><span jsaction=\"lQqO9c:TvD9Pc;vp3PF:MHYjYb;Px5U0:TU3G2e\" jsowner=\"ow98\"><span jsslot=\"\"><span class=\"f5axBf\" jsaction=\"g6zesc\" data-ved=\"2ahUKEwjRzvzL68iFAxV5BdsEHWEeCnQQjSt6BQgBEKwB\"><span class=\"review-full-text\"><\/span><\/span><\/span><\/span><\/span><\/span><\/div>\n<div class=\"Jtu6Td\"><em><span jscontroller=\"MZnM8e\" jsaction=\"rcuQ6b:npT2md\"><span jsaction=\"lQqO9c:TvD9Pc;vp3PF:MHYjYb;Px5U0:TU3G2e\" jsowner=\"ow98\"><span jsslot=\"\"><span class=\"f5axBf\" jsaction=\"g6zesc\" data-ved=\"2ahUKEwjRzvzL68iFAxV5BdsEHWEeCnQQjSt6BQgBEKwB\"><span class=\"review-full-text\">Marzo 2024<\/span><\/span><\/span><\/span><\/span><\/em><\/div>\n<p>[\/et_pb_testimonial][et_pb_cta title=\u00bbATENCI\u00d3N\u00bb button_url=\u00bbhttps:\/\/www.leitzaran-andoain.eus\/wp-content\/uploads\/2021\/06\/Ferrata-onartu-beharreko-baldintzak-eta-bete-beharrak-T\u00e9rminos-y-condiciones-de-la-Reserva.pdf\u00bb url_new_window=\u00bbon\u00bb button_text=\u00bbT\u00e9rminos y condiciones\u00bb admin_label=\u00bbLlamada a la acci\u00f3n\u00bb _builder_version=\u00bb4.9.7&#8243; header_font=\u00bbGloria Hallelujah||||\u00bb background_color=\u00bb#e28756&#8243; background_size=\u00bbinitial\u00bb background_position=\u00bbtop_left\u00bb background_repeat=\u00bbrepeat\u00bb text_orientation=\u00bbleft\u00bb button_text_size__hover_enabled=\u00bboff\u00bb button_one_text_size__hover_enabled=\u00bboff\u00bb button_two_text_size__hover_enabled=\u00bboff\u00bb button_text_color__hover_enabled=\u00bboff\u00bb button_one_text_color__hover_enabled=\u00bboff\u00bb button_two_text_color__hover_enabled=\u00bboff\u00bb button_border_width__hover_enabled=\u00bboff\u00bb button_one_border_width__hover_enabled=\u00bboff\u00bb button_two_border_width__hover_enabled=\u00bboff\u00bb button_border_color__hover_enabled=\u00bboff\u00bb button_one_border_color__hover_enabled=\u00bboff\u00bb button_two_border_color__hover_enabled=\u00bboff\u00bb button_border_radius__hover_enabled=\u00bboff\u00bb button_one_border_radius__hover_enabled=\u00bboff\u00bb button_two_border_radius__hover_enabled=\u00bboff\u00bb button_letter_spacing__hover_enabled=\u00bboff\u00bb button_one_letter_spacing__hover_enabled=\u00bboff\u00bb button_two_letter_spacing__hover_enabled=\u00bboff\u00bb button_bg_color__hover_enabled=\u00bboff\u00bb button_one_bg_color__hover_enabled=\u00bboff\u00bb button_two_bg_color__hover_enabled=\u00bboff\u00bb]<\/p>\n<ul>\n<li>Si se incumplen las normas de uso y de seguridad, as\u00ed como si se realiza un uso inadecuado de las instalaciones, el Ayuntamiento de Andoain, la empresa gestora de la instalaci\u00f3n, y el equipador \u201cadvierten de que cualquier usuario asume personalmente todo el da\u00f1o que pudiera sufrir u ocasionar a terceros\u201d.<\/li>\n<li>La escalada en v\u00edas ferratas en una actividad no exenta de riesgos, pudiendo llegar a ocasionar accidentes graves o incluso mortales. Es necesario respetar las normas obligatorias de uso y los consejos de seguridad, as\u00ed como las indicaciones del gu\u00eda en todo momento.<\/li>\n<li>Si no aceptas esta informaci\u00f3n, NO utilices la instalaci\u00f3n.<\/li>\n<\/ul>\n<p>[\/et_pb_cta][\/et_pb_column][\/et_pb_row][\/et_pb_section][et_pb_section fb_built=\u00bb1&#8243; admin_label=\u00bbSecci\u00f3n\u00bb _builder_version=\u00bb3.22&#8243; custom_padding=\u00bb-20px|||\u00bb][et_pb_row use_custom_gutter=\u00bbon\u00bb gutter_width=\u00bb1&#8243; admin_label=\u00bbFila\u00bb _builder_version=\u00bb3.25&#8243; background_color=\u00bb#ffffff\u00bb background_size=\u00bbinitial\u00bb background_position=\u00bbtop_left\u00bb background_repeat=\u00bbrepeat\u00bb][et_pb_column type=\u00bb4_4&#8243; _builder_version=\u00bb3.25&#8243; custom_padding=\u00bb|||\u00bb custom_padding__hover=\u00bb|||\u00bb][et_pb_cta title=\u00bbLEITZARAN BISITARIEN ETXEA\u00bb button_text=\u00bbVer pdf\u00bb admin_label=\u00bbLlamada a la acci\u00f3n\u00bb _builder_version=\u00bb3.16&#8243; header_text_color=\u00bb#a3d2d6&#8243; background_color=\u00bb#ffffff\u00bb background_size=\u00bbinitial\u00bb background_position=\u00bbtop_left\u00bb background_repeat=\u00bbrepeat\u00bb text_orientation=\u00bbleft\u00bb button_text_size__hover_enabled=\u00bboff\u00bb button_one_text_size__hover_enabled=\u00bboff\u00bb button_two_text_size__hover_enabled=\u00bboff\u00bb button_text_color__hover_enabled=\u00bboff\u00bb button_one_text_color__hover_enabled=\u00bboff\u00bb button_two_text_color__hover_enabled=\u00bboff\u00bb button_border_width__hover_enabled=\u00bboff\u00bb button_one_border_width__hover_enabled=\u00bboff\u00bb button_two_border_width__hover_enabled=\u00bboff\u00bb button_border_color__hover_enabled=\u00bboff\u00bb button_one_border_color__hover_enabled=\u00bboff\u00bb button_two_border_color__hover_enabled=\u00bboff\u00bb button_border_radius__hover_enabled=\u00bboff\u00bb button_one_border_radius__hover_enabled=\u00bboff\u00bb button_two_border_radius__hover_enabled=\u00bboff\u00bb button_letter_spacing__hover_enabled=\u00bboff\u00bb button_one_letter_spacing__hover_enabled=\u00bboff\u00bb button_two_letter_spacing__hover_enabled=\u00bboff\u00bb button_bg_color__hover_enabled=\u00bboff\u00bb button_one_bg_color__hover_enabled=\u00bboff\u00bb button_two_bg_color__hover_enabled=\u00bboff\u00bb]<\/p>\n<hr \/>\n<p style=\"text-align: left;\"><span style=\"color: #000000;\">Posta Kutxa 38<\/span> <span style=\"color: #000000;\">Otieta Parkea, Leizotz auzoa, 48 behea<\/span> <span style=\"color: #000000;\">20140 ANDOAIN (Gipuzkoa)<\/span> <span style=\"color: #000000;\">943 300 929 &#8211; <a style=\"color: #000000;\" href=\"mailto:info@leitzaran-andoain.eus\">info@leitzaran-andoain.eus<\/a><\/span> <span style=\"color: #000000;\">Coord.: N 43\u00ba 12&#8242; 12.5\u00bb &#8211; W 2\u00ba 0&#8242; 34.2\u00bb<\/span><\/p>\n<hr \/>\n<p>[\/et_pb_cta][et_pb_image src=\u00bbhttps:\/\/www.leitzaran-andoain.eus\/wp-content\/uploads\/2016\/06\/logoak-ona.jpg\u00bb align_tablet=\u00bbcenter\u00bb align_phone=\u00bb\u00bb align_last_edited=\u00bbon|desktop\u00bb admin_label=\u00bbImage\u00bb _builder_version=\u00bb3.23&#8243; animation=\u00bboff\u00bb][\/et_pb_image][et_pb_image src=\u00bbhttps:\/\/www.leitzaran-andoain.eus\/wp-content\/uploads\/2023\/02\/LBE-logoak-1.png\u00bb title_text=\u00bbLBE logoak\u00bb align_tablet=\u00bbcenter\u00bb align_phone=\u00bb\u00bb align_last_edited=\u00bbon|desktop\u00bb admin_label=\u00bbImage\u00bb _builder_version=\u00bb4.9.7&#8243; animation=\u00bboff\u00bb][\/et_pb_image][\/et_pb_column][\/et_pb_row][\/et_pb_section]<\/p>\n","protected":false},"excerpt":{"rendered":"<p>[et_pb_section fb_built=\u00bb1&#8243; admin_label=\u00bbsection\u00bb _builder_version=\u00bb3.22&#8243; background_color=\u00bb#a3d2d6&#8243;][et_pb_row column_structure=\u00bb1_2,1_2&#8243; admin_label=\u00bbfila\u00bb _builder_version=\u00bb3.25&#8243; background_size=\u00bbinitial\u00bb background_position=\u00bbtop_left\u00bb background_repeat=\u00bbrepeat\u00bb][et_pb_column type=\u00bb1_2&#8243; _builder_version=\u00bb3.25&#8243; custom_padding=\u00bb|||\u00bb custom_padding__hover=\u00bb|||\u00bb][et_pb_text admin_label=\u00bbText\u00bb _builder_version=\u00bb3.27.4&#8243; header_font=\u00bbGloria Hallelujah||||\u00bb header_font_size=\u00bb50px\u00bb background_size=\u00bbinitial\u00bb background_position=\u00bbtop_left\u00bb background_repeat=\u00bbrepeat\u00bb] V\u00eda Ferrata Leitzaran Visita guiada interpretada en altura [\/et_pb_text][et_pb_code _builder_version=\u00bb4.9.7&#8243; _module_preset=\u00bbdefault\u00bb][\/et_pb_code][et_pb_code _builder_version=\u00bb4.9.7&#8243; _module_preset=\u00bbdefault\u00bb min_height=\u00bb25px\u00bb custom_margin=\u00bb-1px|||||\u00bb] [\/et_pb_code][et_pb_image src=\u00bbhttps:\/\/www.leitzaran-andoain.eus\/wp-content\/uploads\/2021\/06\/Ferrata-marrazkia-03-txikia.jpg\u00bb align_tablet=\u00bbcenter\u00bb align_phone=\u00bb\u00bb align_last_edited=\u00bbon|desktop\u00bb admin_label=\u00bbImage\u00bb _builder_version=\u00bb3.23&#8243; animation=\u00bboff\u00bb][\/et_pb_image][et_pb_code _builder_version=\u00bb4.9.7&#8243; _module_preset=\u00bbdefault\u00bb][\/et_pb_code][et_pb_cta title=\u00bb\u00bfDE QU\u00c9 SE TRATA?\u00bb button_text=\u00bbVer pdf\u00bb admin_label=\u00bbLlamada [&hellip;]<\/p>\n","protected":false},"author":1,"featured_media":0,"parent":0,"menu_order":0,"comment_status":"closed","ping_status":"closed","template":"","meta":{"_et_pb_use_builder":"on","_et_pb_old_content":"","_et_gb_content_width":""},"yoast_head":"<!-- This site is optimized with the Yoast SEO plugin v18.4.1 - https:\/\/yoast.com\/wordpress\/plugins\/seo\/ -->\n<title>FERRATA LEITZARAN - Leitzaran Bisitarien Etxea<\/title>\n<meta name=\"robots\" content=\"index, follow, max-snippet:-1, max-image-preview:large, max-video-preview:-1\" \/>\n<link rel=\"canonical\" href=\"https:\/\/www.leitzaran-andoain.eus\/es\/viaferrataleitzaran\/\" \/>\n<meta property=\"og:locale\" content=\"es_ES\" \/>\n<meta property=\"og:type\" content=\"article\" \/>\n<meta property=\"og:title\" content=\"FERRATA LEITZARAN - Leitzaran Bisitarien Etxea\" \/>\n<meta property=\"og:description\" content=\"[et_pb_section fb_built=\u00bb1&#8243; admin_label=\u00bbsection\u00bb _builder_version=\u00bb3.22&#8243; background_color=\u00bb#a3d2d6&#8243;][et_pb_row column_structure=\u00bb1_2,1_2&#8243; admin_label=\u00bbfila\u00bb _builder_version=\u00bb3.25&#8243; background_size=\u00bbinitial\u00bb background_position=\u00bbtop_left\u00bb background_repeat=\u00bbrepeat\u00bb][et_pb_column type=\u00bb1_2&#8243; _builder_version=\u00bb3.25&#8243; custom_padding=\u00bb|||\u00bb custom_padding__hover=\u00bb|||\u00bb][et_pb_text admin_label=\u00bbText\u00bb _builder_version=\u00bb3.27.4&#8243; header_font=\u00bbGloria Hallelujah||||\u00bb header_font_size=\u00bb50px\u00bb background_size=\u00bbinitial\u00bb background_position=\u00bbtop_left\u00bb background_repeat=\u00bbrepeat\u00bb] V\u00eda Ferrata Leitzaran Visita guiada interpretada en altura [\/et_pb_text][et_pb_code _builder_version=\u00bb4.9.7&#8243; _module_preset=\u00bbdefault\u00bb][\/et_pb_code][et_pb_code _builder_version=\u00bb4.9.7&#8243; _module_preset=\u00bbdefault\u00bb min_height=\u00bb25px\u00bb custom_margin=\u00bb-1px|||||\u00bb] [\/et_pb_code][et_pb_image src=\u00bbhttps:\/\/www.leitzaran-andoain.eus\/wp-content\/uploads\/2021\/06\/Ferrata-marrazkia-03-txikia.jpg\u00bb align_tablet=\u00bbcenter\u00bb align_phone=\u00bb\u00bb align_last_edited=\u00bbon|desktop\u00bb admin_label=\u00bbImage\u00bb _builder_version=\u00bb3.23&#8243; animation=\u00bboff\u00bb][\/et_pb_image][et_pb_code _builder_version=\u00bb4.9.7&#8243; _module_preset=\u00bbdefault\u00bb][\/et_pb_code][et_pb_cta title=\u00bb\u00bfDE QU\u00c9 SE TRATA?\u00bb button_text=\u00bbVer pdf\u00bb admin_label=\u00bbLlamada [&hellip;]\" \/>\n<meta property=\"og:url\" content=\"https:\/\/www.leitzaran-andoain.eus\/es\/viaferrataleitzaran\/\" \/>\n<meta property=\"og:site_name\" content=\"Leitzaran Bisitarien Etxea\" \/>\n<meta property=\"article:publisher\" content=\"https:\/\/www.facebook.com\/leitzaran.bisitarien.etxea\/\" \/>\n<meta property=\"article:modified_time\" content=\"2025-02-24T12:49:22+00:00\" \/>\n<meta property=\"og:image\" content=\"https:\/\/www.leitzaran-andoain.eus\/wp-content\/uploads\/2021\/06\/Ferrata-marrazkia-02-distancia-150x150.jpg\" \/>\n<meta name=\"twitter:card\" content=\"summary\" \/>\n<meta name=\"twitter:label1\" content=\"Tiempo de lectura\" \/>\n\t<meta name=\"twitter:data1\" content=\"16 minutos\" \/>\n<script type=\"application\/ld+json\" class=\"yoast-schema-graph\">{\"@context\":\"https:\/\/schema.org\",\"@graph\":[{\"@type\":\"WebSite\",\"@id\":\"https:\/\/www.leitzaran-andoain.eus\/#website\",\"url\":\"https:\/\/www.leitzaran-andoain.eus\/\",\"name\":\"Leitzaran Bisitarien Etxea\",\"description\":\"Leitzaran: Uraren interpretazio gunea eta bidezidor kirolaren interpretazio ibilbidea\",\"potentialAction\":[{\"@type\":\"SearchAction\",\"target\":{\"@type\":\"EntryPoint\",\"urlTemplate\":\"https:\/\/www.leitzaran-andoain.eus\/?s={search_term_string}\"},\"query-input\":\"required name=search_term_string\"}],\"inLanguage\":\"es\"},{\"@type\":\"ImageObject\",\"@id\":\"https:\/\/www.leitzaran-andoain.eus\/es\/viaferrataleitzaran\/#primaryimage\",\"inLanguage\":\"es\",\"url\":\"https:\/\/www.leitzaran-andoain.eus\/wp-content\/uploads\/2021\/06\/Ferrata-marrazkia-02-distancia-150x150.jpg\",\"contentUrl\":\"https:\/\/www.leitzaran-andoain.eus\/wp-content\/uploads\/2021\/06\/Ferrata-marrazkia-02-distancia-150x150.jpg\"},{\"@type\":\"WebPage\",\"@id\":\"https:\/\/www.leitzaran-andoain.eus\/es\/viaferrataleitzaran\/#webpage\",\"url\":\"https:\/\/www.leitzaran-andoain.eus\/es\/viaferrataleitzaran\/\",\"name\":\"FERRATA LEITZARAN - Leitzaran Bisitarien Etxea\",\"isPartOf\":{\"@id\":\"https:\/\/www.leitzaran-andoain.eus\/#website\"},\"primaryImageOfPage\":{\"@id\":\"https:\/\/www.leitzaran-andoain.eus\/es\/viaferrataleitzaran\/#primaryimage\"},\"datePublished\":\"2021-06-30T15:38:26+00:00\",\"dateModified\":\"2025-02-24T12:49:22+00:00\",\"breadcrumb\":{\"@id\":\"https:\/\/www.leitzaran-andoain.eus\/es\/viaferrataleitzaran\/#breadcrumb\"},\"inLanguage\":\"es\",\"potentialAction\":[{\"@type\":\"ReadAction\",\"target\":[\"https:\/\/www.leitzaran-andoain.eus\/es\/viaferrataleitzaran\/\"]}]},{\"@type\":\"BreadcrumbList\",\"@id\":\"https:\/\/www.leitzaran-andoain.eus\/es\/viaferrataleitzaran\/#breadcrumb\",\"itemListElement\":[{\"@type\":\"ListItem\",\"position\":1,\"name\":\"Portada\",\"item\":\"https:\/\/www.leitzaran-andoain.eus\/es\/\"},{\"@type\":\"ListItem\",\"position\":2,\"name\":\"FERRATA LEITZARAN\"}]}]}<\/script>\n<!-- \/ Yoast SEO plugin. -->","yoast_head_json":{"title":"FERRATA LEITZARAN - Leitzaran Bisitarien Etxea","robots":{"index":"index","follow":"follow","max-snippet":"max-snippet:-1","max-image-preview":"max-image-preview:large","max-video-preview":"max-video-preview:-1"},"canonical":"https:\/\/www.leitzaran-andoain.eus\/es\/viaferrataleitzaran\/","og_locale":"es_ES","og_type":"article","og_title":"FERRATA LEITZARAN - Leitzaran Bisitarien Etxea","og_description":"[et_pb_section fb_built=\u00bb1&#8243; admin_label=\u00bbsection\u00bb _builder_version=\u00bb3.22&#8243; background_color=\u00bb#a3d2d6&#8243;][et_pb_row column_structure=\u00bb1_2,1_2&#8243; admin_label=\u00bbfila\u00bb _builder_version=\u00bb3.25&#8243; background_size=\u00bbinitial\u00bb background_position=\u00bbtop_left\u00bb background_repeat=\u00bbrepeat\u00bb][et_pb_column type=\u00bb1_2&#8243; _builder_version=\u00bb3.25&#8243; custom_padding=\u00bb|||\u00bb custom_padding__hover=\u00bb|||\u00bb][et_pb_text admin_label=\u00bbText\u00bb _builder_version=\u00bb3.27.4&#8243; header_font=\u00bbGloria Hallelujah||||\u00bb header_font_size=\u00bb50px\u00bb background_size=\u00bbinitial\u00bb background_position=\u00bbtop_left\u00bb background_repeat=\u00bbrepeat\u00bb] V\u00eda Ferrata Leitzaran Visita guiada interpretada en altura [\/et_pb_text][et_pb_code _builder_version=\u00bb4.9.7&#8243; _module_preset=\u00bbdefault\u00bb][\/et_pb_code][et_pb_code _builder_version=\u00bb4.9.7&#8243; _module_preset=\u00bbdefault\u00bb min_height=\u00bb25px\u00bb custom_margin=\u00bb-1px|||||\u00bb] [\/et_pb_code][et_pb_image src=\u00bbhttps:\/\/www.leitzaran-andoain.eus\/wp-content\/uploads\/2021\/06\/Ferrata-marrazkia-03-txikia.jpg\u00bb align_tablet=\u00bbcenter\u00bb align_phone=\u00bb\u00bb align_last_edited=\u00bbon|desktop\u00bb admin_label=\u00bbImage\u00bb _builder_version=\u00bb3.23&#8243; animation=\u00bboff\u00bb][\/et_pb_image][et_pb_code _builder_version=\u00bb4.9.7&#8243; _module_preset=\u00bbdefault\u00bb][\/et_pb_code][et_pb_cta title=\u00bb\u00bfDE QU\u00c9 SE TRATA?\u00bb button_text=\u00bbVer pdf\u00bb admin_label=\u00bbLlamada [&hellip;]","og_url":"https:\/\/www.leitzaran-andoain.eus\/es\/viaferrataleitzaran\/","og_site_name":"Leitzaran Bisitarien Etxea","article_publisher":"https:\/\/www.facebook.com\/leitzaran.bisitarien.etxea\/","article_modified_time":"2025-02-24T12:49:22+00:00","og_image":[{"url":"https:\/\/www.leitzaran-andoain.eus\/wp-content\/uploads\/2021\/06\/Ferrata-marrazkia-02-distancia-150x150.jpg"}],"twitter_card":"summary","twitter_misc":{"Tiempo de lectura":"16 minutos"},"schema":{"@context":"https:\/\/schema.org","@graph":[{"@type":"WebSite","@id":"https:\/\/www.leitzaran-andoain.eus\/#website","url":"https:\/\/www.leitzaran-andoain.eus\/","name":"Leitzaran Bisitarien Etxea","description":"Leitzaran: Uraren interpretazio gunea eta bidezidor kirolaren interpretazio ibilbidea","potentialAction":[{"@type":"SearchAction","target":{"@type":"EntryPoint","urlTemplate":"https:\/\/www.leitzaran-andoain.eus\/?s={search_term_string}"},"query-input":"required name=search_term_string"}],"inLanguage":"es"},{"@type":"ImageObject","@id":"https:\/\/www.leitzaran-andoain.eus\/es\/viaferrataleitzaran\/#primaryimage","inLanguage":"es","url":"https:\/\/www.leitzaran-andoain.eus\/wp-content\/uploads\/2021\/06\/Ferrata-marrazkia-02-distancia-150x150.jpg","contentUrl":"https:\/\/www.leitzaran-andoain.eus\/wp-content\/uploads\/2021\/06\/Ferrata-marrazkia-02-distancia-150x150.jpg"},{"@type":"WebPage","@id":"https:\/\/www.leitzaran-andoain.eus\/es\/viaferrataleitzaran\/#webpage","url":"https:\/\/www.leitzaran-andoain.eus\/es\/viaferrataleitzaran\/","name":"FERRATA LEITZARAN - Leitzaran Bisitarien Etxea","isPartOf":{"@id":"https:\/\/www.leitzaran-andoain.eus\/#website"},"primaryImageOfPage":{"@id":"https:\/\/www.leitzaran-andoain.eus\/es\/viaferrataleitzaran\/#primaryimage"},"datePublished":"2021-06-30T15:38:26+00:00","dateModified":"2025-02-24T12:49:22+00:00","breadcrumb":{"@id":"https:\/\/www.leitzaran-andoain.eus\/es\/viaferrataleitzaran\/#breadcrumb"},"inLanguage":"es","potentialAction":[{"@type":"ReadAction","target":["https:\/\/www.leitzaran-andoain.eus\/es\/viaferrataleitzaran\/"]}]},{"@type":"BreadcrumbList","@id":"https:\/\/www.leitzaran-andoain.eus\/es\/viaferrataleitzaran\/#breadcrumb","itemListElement":[{"@type":"ListItem","position":1,"name":"Portada","item":"https:\/\/www.leitzaran-andoain.eus\/es\/"},{"@type":"ListItem","position":2,"name":"FERRATA LEITZARAN"}]}]}},"_links":{"self":[{"href":"https:\/\/www.leitzaran-andoain.eus\/es\/wp-json\/wp\/v2\/pages\/4334"}],"collection":[{"href":"https:\/\/www.leitzaran-andoain.eus\/es\/wp-json\/wp\/v2\/pages"}],"about":[{"href":"https:\/\/www.leitzaran-andoain.eus\/es\/wp-json\/wp\/v2\/types\/page"}],"author":[{"embeddable":true,"href":"https:\/\/www.leitzaran-andoain.eus\/es\/wp-json\/wp\/v2\/users\/1"}],"replies":[{"embeddable":true,"href":"https:\/\/www.leitzaran-andoain.eus\/es\/wp-json\/wp\/v2\/comments?post=4334"}],"version-history":[{"count":58,"href":"https:\/\/www.leitzaran-andoain.eus\/es\/wp-json\/wp\/v2\/pages\/4334\/revisions"}],"predecessor-version":[{"id":6644,"href":"https:\/\/www.leitzaran-andoain.eus\/es\/wp-json\/wp\/v2\/pages\/4334\/revisions\/6644"}],"wp:attachment":[{"href":"https:\/\/www.leitzaran-andoain.eus\/es\/wp-json\/wp\/v2\/media?parent=4334"}],"curies":[{"name":"wp","href":"https:\/\/api.w.org\/{rel}","templated":true}]}}