{"id":1891,"date":"2016-10-24T08:28:25","date_gmt":"2016-10-24T08:28:25","guid":{"rendered":"https:\/\/www.leitzaran-andoain.eus\/?page_id=1891"},"modified":"2024-01-24T14:37:50","modified_gmt":"2024-01-24T13:37:50","slug":"centros-escolares-leitzaran","status":"publish","type":"page","link":"https:\/\/www.leitzaran-andoain.eus\/es\/centros-escolares-leitzaran\/","title":{"rendered":"CENTROS ESCOLARES"},"content":{"rendered":"<p>[et_pb_section fb_built=\u00bb1&#8243; custom_padding_last_edited=\u00bbon|desktop\u00bb admin_label=\u00bbSecci\u00f3n\u00bb _builder_version=\u00bb4.9.7&#8243; background_color=\u00bb#a3d2d6&#8243; background_enable_image=\u00bboff\u00bb custom_padding=\u00bb-200px|||\u00bb custom_padding_tablet=\u00bb50px|0|50px|0&#8243; custom_padding_phone=\u00bb\u00bb padding_mobile=\u00bboff\u00bb][et_pb_row column_structure=\u00bb1_2,1_2&#8243; padding_mobile=\u00bboff\u00bb column_padding_mobile=\u00bbon\u00bb admin_label=\u00bbFila\u00bb _builder_version=\u00bb3.25&#8243; background_size=\u00bbinitial\u00bb background_position=\u00bbtop_left\u00bb background_repeat=\u00bbrepeat\u00bb][et_pb_column type=\u00bb1_2&#8243; _builder_version=\u00bb3.25&#8243; custom_padding=\u00bb|||\u00bb custom_padding__hover=\u00bb|||\u00bb][et_pb_text admin_label=\u00bbTexto\u00bb _builder_version=\u00bb3.27.4&#8243; text_font=\u00bbGloria Hallelujah||||\u00bb header_font=\u00bbGloria Hallelujah||||\u00bb header_text_color=\u00bb#ffffff\u00bb header_font_size=\u00bb50px\u00bb background_size=\u00bbinitial\u00bb background_position=\u00bbtop_left\u00bb background_repeat=\u00bbrepeat\u00bb use_border_color=\u00bboff\u00bb border_color=\u00bb#ffffff\u00bb border_style=\u00bbsolid\u00bb]<\/p>\n<h1 style=\"padding-left: 30px;\">Colegios en la naturaleza<\/h1>\n<p>[\/et_pb_text][et_pb_cta title=\u00bbUN PLAN PERFECTO PARA PASAR LA MA\u00d1ANA CON LAS\/LOS COMPA\u00d1ERAS\/OS\u00bb admin_label=\u00bbLlamada a la acci\u00f3n\u00bb _builder_version=\u00bb4.9.7&#8243; header_text_color=\u00bb#a3d2d6&#8243; header_font_size=\u00bb36&#8243; body_font=\u00bbRoboto||||\u00bb background_color=\u00bbrgba(0,0,0,0.44)\u00bb background_size=\u00bbinitial\u00bb background_position=\u00bbtop_left\u00bb background_repeat=\u00bbrepeat\u00bb text_orientation=\u00bbleft\u00bb hover_enabled=\u00bb0&#8243; use_border_color=\u00bboff\u00bb border_color=\u00bb#ffffff\u00bb border_style=\u00bbsolid\u00bb button_letter_spacing_hover=\u00bb0&#8243; button_text_size__hover_enabled=\u00bboff\u00bb button_one_text_size__hover_enabled=\u00bboff\u00bb button_two_text_size__hover_enabled=\u00bboff\u00bb button_text_color__hover_enabled=\u00bboff\u00bb button_one_text_color__hover_enabled=\u00bboff\u00bb button_two_text_color__hover_enabled=\u00bboff\u00bb button_border_width__hover_enabled=\u00bboff\u00bb button_one_border_width__hover_enabled=\u00bboff\u00bb button_two_border_width__hover_enabled=\u00bboff\u00bb button_border_color__hover_enabled=\u00bboff\u00bb button_one_border_color__hover_enabled=\u00bboff\u00bb button_two_border_color__hover_enabled=\u00bboff\u00bb button_border_radius__hover_enabled=\u00bboff\u00bb button_one_border_radius__hover_enabled=\u00bboff\u00bb button_two_border_radius__hover_enabled=\u00bboff\u00bb button_letter_spacing__hover_enabled=\u00bbon\u00bb button_letter_spacing__hover=\u00bb0&#8243; button_one_letter_spacing__hover_enabled=\u00bboff\u00bb button_two_letter_spacing__hover_enabled=\u00bboff\u00bb button_bg_color__hover_enabled=\u00bboff\u00bb button_one_bg_color__hover_enabled=\u00bboff\u00bb button_two_bg_color__hover_enabled=\u00bboff\u00bb sticky_enabled=\u00bb0&#8243;]<\/p>\n<p>Desde el Centro de Visitantes de Leitzaran, os invitamos a conocer<br \/>nuestro entorno a lo largo de la V\u00eda Verde del Plazaola-Leitzaran.<\/p>\n<p><img loading=\"lazy\" src=\"https:\/\/www.leitzaran-andoain.eus\/wp-content\/uploads\/2024\/01\/ideas2030-logo-agenda-2030-azul-300x199.png\" width=\"119\" height=\"79\" alt=\"\" class=\"wp-image-6359 alignnone size-medium\" srcset=\"https:\/\/www.leitzaran-andoain.eus\/wp-content\/uploads\/2024\/01\/ideas2030-logo-agenda-2030-azul-300x199.png 300w, https:\/\/www.leitzaran-andoain.eus\/wp-content\/uploads\/2024\/01\/ideas2030-logo-agenda-2030-azul.png 459w\" sizes=\"(max-width: 119px) 100vw, 119px\" \/>Promovemos la Agenda 2030 a trav\u00e9s de actividades ecotur\u00edsticas.<\/p>\n<ul>\n<li>Fomentamos la movilidad sostenible con rutas en BTT en la v\u00eda verde, contribuyendo al Objetivo 13 (Acci\u00f3n por el Clima).<\/li>\n<li>Adem\u00e1s, la gynkana de orientaci\u00f3n educativa resalta la importancia de la educaci\u00f3n ambiental, apoyando el Objetivo 4 (Educaci\u00f3n de Calidad).<\/li>\n<\/ul>\n<p><img loading=\"lazy\" src=\"https:\/\/www.leitzaran-andoain.eus\/wp-content\/uploads\/2024\/01\/agenda-15-300x300.png\" width=\"80\" height=\"80\" alt=\"\" class=\"wp-image-6357 alignnone size-medium\" srcset=\"https:\/\/www.leitzaran-andoain.eus\/wp-content\/uploads\/2024\/01\/agenda-15-300x300.png 300w, https:\/\/www.leitzaran-andoain.eus\/wp-content\/uploads\/2024\/01\/agenda-15-150x150.png 150w, https:\/\/www.leitzaran-andoain.eus\/wp-content\/uploads\/2024\/01\/agenda-15.png 355w\" sizes=\"(max-width: 80px) 100vw, 80px\" \/> <img loading=\"lazy\" src=\"https:\/\/www.leitzaran-andoain.eus\/wp-content\/uploads\/2024\/01\/agenda-3-300x300.png\" width=\"81\" height=\"81\" alt=\"\" class=\"wp-image-6355 alignnone size-medium\" srcset=\"https:\/\/www.leitzaran-andoain.eus\/wp-content\/uploads\/2024\/01\/agenda-3-300x300.png 300w, https:\/\/www.leitzaran-andoain.eus\/wp-content\/uploads\/2024\/01\/agenda-3-150x150.png 150w, https:\/\/www.leitzaran-andoain.eus\/wp-content\/uploads\/2024\/01\/agenda-3.png 352w\" sizes=\"(max-width: 81px) 100vw, 81px\" \/> <img loading=\"lazy\" src=\"https:\/\/www.leitzaran-andoain.eus\/wp-content\/uploads\/2024\/01\/agenda-4-300x300.png\" width=\"81\" height=\"81\" alt=\"\" class=\"wp-image-6353 alignnone size-medium\" srcset=\"https:\/\/www.leitzaran-andoain.eus\/wp-content\/uploads\/2024\/01\/agenda-4-300x300.png 300w, https:\/\/www.leitzaran-andoain.eus\/wp-content\/uploads\/2024\/01\/agenda-4-150x150.png 150w, https:\/\/www.leitzaran-andoain.eus\/wp-content\/uploads\/2024\/01\/agenda-4.png 355w\" sizes=\"(max-width: 81px) 100vw, 81px\" \/> <img loading=\"lazy\" src=\"https:\/\/www.leitzaran-andoain.eus\/wp-content\/uploads\/2024\/01\/agenda-13-300x300.png\" width=\"80\" height=\"80\" alt=\"\" class=\"wp-image-6351 alignnone size-medium\" srcset=\"https:\/\/www.leitzaran-andoain.eus\/wp-content\/uploads\/2024\/01\/agenda-13-300x300.png 300w, https:\/\/www.leitzaran-andoain.eus\/wp-content\/uploads\/2024\/01\/agenda-13-150x150.png 150w, https:\/\/www.leitzaran-andoain.eus\/wp-content\/uploads\/2024\/01\/agenda-13.png 355w\" sizes=\"(max-width: 80px) 100vw, 80px\" \/><\/p>\n<p>Dirigido a escolares, buscamos generar conciencia y acci\u00f3n para un futuro m\u00e1s sostenible.<\/p>\n<p>#Agenda2030 #TurismoSostenible<\/p>\n<p>[\/et_pb_cta][et_pb_image src=\u00bbhttps:\/\/www.leitzaran-andoain.eus\/wp-content\/uploads\/2024\/01\/2.jpg\u00bb alt=\u00bbGynkana de orientaci\u00f3n en la naturalezapara colegios y escolares\u00bb title_text=\u00bbGynkana de orientaci\u00f3n en la naturalezapara colegios y escolares\u00bb _builder_version=\u00bb4.9.7&#8243; _module_preset=\u00bbdefault\u00bb][\/et_pb_image][\/et_pb_column][et_pb_column type=\u00bb1_2&#8243; _builder_version=\u00bb3.25&#8243; custom_padding=\u00bb|||\u00bb custom_padding__hover=\u00bb|||\u00bb][et_pb_image src=\u00bbhttps:\/\/www.leitzaran-andoain.eus\/wp-content\/uploads\/2024\/01\/3.jpg\u00bb alt=\u00bbSalida en bicicleta y taller de arreglo de bicis aturalezapara colegios y escolares\u00bb title_text=\u00bbSalida en bicicleta y taller de arreglo de bicis aturalezapara colegios y escolares\u00bb _builder_version=\u00bb4.9.7&#8243; _module_preset=\u00bbdefault\u00bb][\/et_pb_image][et_pb_cta title=\u00bbOBJETIVOS\u00bb admin_label=\u00bbLlamada a la acci\u00f3n\u00bb _builder_version=\u00bb3.16&#8243; header_text_color=\u00bb#a3d2d6&#8243; header_font_size=\u00bb36&#8243; body_font=\u00bbRoboto||||\u00bb background_color=\u00bbrgba(0,0,0,0.44)\u00bb background_size=\u00bbinitial\u00bb background_position=\u00bbtop_left\u00bb background_repeat=\u00bbrepeat\u00bb text_orientation=\u00bbleft\u00bb use_border_color=\u00bboff\u00bb border_color=\u00bb#ffffff\u00bb border_style=\u00bbsolid\u00bb button_letter_spacing_hover=\u00bb0&#8243; button_text_size__hover_enabled=\u00bboff\u00bb button_one_text_size__hover_enabled=\u00bboff\u00bb button_two_text_size__hover_enabled=\u00bboff\u00bb button_text_color__hover_enabled=\u00bboff\u00bb button_one_text_color__hover_enabled=\u00bboff\u00bb button_two_text_color__hover_enabled=\u00bboff\u00bb button_border_width__hover_enabled=\u00bboff\u00bb button_one_border_width__hover_enabled=\u00bboff\u00bb button_two_border_width__hover_enabled=\u00bboff\u00bb button_border_color__hover_enabled=\u00bboff\u00bb button_one_border_color__hover_enabled=\u00bboff\u00bb button_two_border_color__hover_enabled=\u00bboff\u00bb button_border_radius__hover_enabled=\u00bboff\u00bb button_one_border_radius__hover_enabled=\u00bboff\u00bb button_two_border_radius__hover_enabled=\u00bboff\u00bb button_letter_spacing__hover_enabled=\u00bbon\u00bb button_letter_spacing__hover=\u00bb0&#8243; button_one_letter_spacing__hover_enabled=\u00bboff\u00bb button_two_letter_spacing__hover_enabled=\u00bboff\u00bb button_bg_color__hover_enabled=\u00bboff\u00bb button_one_bg_color__hover_enabled=\u00bboff\u00bb button_two_bg_color__hover_enabled=\u00bboff\u00bb]<\/p>\n<p>\u00a0<span style=\"text-decoration: underline;\"><\/span>\u2022 Fomentar el contacto con la naturaleza y promover el bienestar a trav\u00e9s de las actividades al aire libre.<\/p>\n<p>\u2022 Transmitir valores de respeto y cuidado por el entorno natural.<\/p>\n<p>\u2022 Impulsar el deporte y el ocio en los espacios naturales.<\/p>\n<p>\u2022 Promover el transporte sostenible en Gipuzkoa.<\/p>\n<p>\u2022\u00a0Acercar a los m\u00e1s j\u00f3venes al mundo de la bicicleta y dar a conocer la V\u00eda Verde del Plazaola-Leitzaran.<\/p>\n<p>[\/et_pb_cta][et_pb_gallery gallery_ids=\u00bb5366,5368,5372,5374,5370&#8243; fullwidth=\u00bbon\u00bb admin_label=\u00bbGaler\u00eda\u00bb _builder_version=\u00bb4.9.7&#8243; auto=\u00bbon\u00bb border_width_all=\u00bb1px\u00bb border_color_all=\u00bb#ffffff\u00bb border_style_all=\u00bbsolid\u00bb use_border_color=\u00bbon\u00bb][\/et_pb_gallery][\/et_pb_column][\/et_pb_row][\/et_pb_section][et_pb_section fb_built=\u00bb1&#8243; custom_padding_last_edited=\u00bbon|desktop\u00bb admin_label=\u00bbSecci\u00f3n\u00bb _builder_version=\u00bb3.22&#8243; background_color=\u00bb#ffffff\u00bb custom_padding=\u00bb-20px|||\u00bb custom_padding_tablet=\u00bb50px|0|50px|0&#8243; custom_padding_phone=\u00bb\u00bb padding_mobile=\u00bboff\u00bb][et_pb_row use_custom_gutter=\u00bbon\u00bb gutter_width=\u00bb1&#8243; padding_mobile=\u00bboff\u00bb column_padding_mobile=\u00bbon\u00bb admin_label=\u00bbFila\u00bb _builder_version=\u00bb3.25&#8243; background_color=\u00bb#ffffff\u00bb background_size=\u00bbinitial\u00bb background_position=\u00bbtop_left\u00bb background_repeat=\u00bbrepeat\u00bb custom_margin=\u00bb-40px|||\u00bb][et_pb_column type=\u00bb4_4&#8243; _builder_version=\u00bb3.25&#8243; custom_padding=\u00bb|||\u00bb custom_padding__hover=\u00bb|||\u00bb][et_pb_cta title=\u00bbLEITZARAN BISITARIEN ETXEA\u00bb admin_label=\u00bbLlamada a la acci\u00f3n\u00bb _builder_version=\u00bb3.16&#8243; header_text_color=\u00bb#a3d2d6&#8243; body_text_color=\u00bb#000000&#8243; background_color=\u00bb#ffffff\u00bb background_size=\u00bbinitial\u00bb background_position=\u00bbtop_left\u00bb background_repeat=\u00bbrepeat\u00bb text_orientation=\u00bbleft\u00bb custom_margin=\u00bb|0px||0px\u00bb custom_padding=\u00bb|0px||\u00bb button_text_size__hover_enabled=\u00bboff\u00bb button_one_text_size__hover_enabled=\u00bboff\u00bb button_two_text_size__hover_enabled=\u00bboff\u00bb button_text_color__hover_enabled=\u00bboff\u00bb button_one_text_color__hover_enabled=\u00bboff\u00bb button_two_text_color__hover_enabled=\u00bboff\u00bb button_border_width__hover_enabled=\u00bboff\u00bb button_one_border_width__hover_enabled=\u00bboff\u00bb button_two_border_width__hover_enabled=\u00bboff\u00bb button_border_color__hover_enabled=\u00bboff\u00bb button_one_border_color__hover_enabled=\u00bboff\u00bb button_two_border_color__hover_enabled=\u00bboff\u00bb button_border_radius__hover_enabled=\u00bboff\u00bb button_one_border_radius__hover_enabled=\u00bboff\u00bb button_two_border_radius__hover_enabled=\u00bboff\u00bb button_letter_spacing__hover_enabled=\u00bboff\u00bb button_one_letter_spacing__hover_enabled=\u00bboff\u00bb button_two_letter_spacing__hover_enabled=\u00bboff\u00bb button_bg_color__hover_enabled=\u00bboff\u00bb button_one_bg_color__hover_enabled=\u00bboff\u00bb button_two_bg_color__hover_enabled=\u00bboff\u00bb]<\/p>\n<hr \/>\n<p style=\"text-align: left;\"><span style=\"color: #000000;\">Posta Kutxa 38<\/span><br \/>\n<span style=\"color: #000000;\">Otieta Parkea, Leizotz auzoa, 48 behea<\/span><br \/>\n<span style=\"color: #000000;\">20140 ANDOAIN (Gipuzkoa)<\/span><br \/>\n<span style=\"color: #000000;\">943 300 929 &#8211; <a style=\"color: #000000;\" href=\"mailto:info@leitzaran-andoain.eus\">info@leitzaran-andoain.eus<\/a><\/span><br \/>\n<span style=\"color: #000000;\">Coord.: N 43\u00ba 12&#8242; 12.5\u00bb &#8211; W 2\u00ba 0&#8242; 34.2\u00bb<\/span><\/p>\n<hr \/>\n<p>[\/et_pb_cta][et_pb_image src=\u00bbhttps:\/\/www.leitzaran-andoain.eus\/wp-content\/uploads\/2016\/06\/logoak-ona.jpg\u00bb align_tablet=\u00bbcenter\u00bb align_phone=\u00bb\u00bb align_last_edited=\u00bbon|desktop\u00bb admin_label=\u00bbImagen\u00bb _builder_version=\u00bb3.23&#8243; max_width=\u00bb700px\u00bb custom_margin=\u00bb-60px|||60px\u00bb animation=\u00bboff\u00bb saved_tabs=\u00bball\u00bb][\/et_pb_image][\/et_pb_column][\/et_pb_row][\/et_pb_section]<\/p>\n","protected":false},"excerpt":{"rendered":"<p>[et_pb_section fb_built=\u00bb1&#8243; custom_padding_last_edited=\u00bbon|desktop\u00bb admin_label=\u00bbSecci\u00f3n\u00bb _builder_version=\u00bb4.9.7&#8243; background_color=\u00bb#a3d2d6&#8243; background_enable_image=\u00bboff\u00bb custom_padding=\u00bb-200px|||\u00bb custom_padding_tablet=\u00bb50px|0|50px|0&#8243; custom_padding_phone=\u00bb\u00bb padding_mobile=\u00bboff\u00bb][et_pb_row column_structure=\u00bb1_2,1_2&#8243; padding_mobile=\u00bboff\u00bb column_padding_mobile=\u00bbon\u00bb admin_label=\u00bbFila\u00bb _builder_version=\u00bb3.25&#8243; background_size=\u00bbinitial\u00bb background_position=\u00bbtop_left\u00bb background_repeat=\u00bbrepeat\u00bb][et_pb_column type=\u00bb1_2&#8243; _builder_version=\u00bb3.25&#8243; custom_padding=\u00bb|||\u00bb custom_padding__hover=\u00bb|||\u00bb][et_pb_text admin_label=\u00bbTexto\u00bb _builder_version=\u00bb3.27.4&#8243; text_font=\u00bbGloria Hallelujah||||\u00bb header_font=\u00bbGloria Hallelujah||||\u00bb header_text_color=\u00bb#ffffff\u00bb header_font_size=\u00bb50px\u00bb background_size=\u00bbinitial\u00bb background_position=\u00bbtop_left\u00bb background_repeat=\u00bbrepeat\u00bb use_border_color=\u00bboff\u00bb border_color=\u00bb#ffffff\u00bb border_style=\u00bbsolid\u00bb] Colegios en la naturaleza [\/et_pb_text][et_pb_cta title=\u00bbUN PLAN PERFECTO PARA PASAR LA MA\u00d1ANA CON LAS\/LOS COMPA\u00d1ERAS\/OS\u00bb admin_label=\u00bbLlamada a la [&hellip;]<\/p>\n","protected":false},"author":1,"featured_media":0,"parent":0,"menu_order":0,"comment_status":"closed","ping_status":"closed","template":"","meta":{"_et_pb_use_builder":"on","_et_pb_old_content":"","_et_gb_content_width":""},"yoast_head":"<!-- This site is optimized with the Yoast SEO plugin v18.4.1 - https:\/\/yoast.com\/wordpress\/plugins\/seo\/ -->\n<title>CENTROS ESCOLARES - Leitzaran Bisitarien Etxea<\/title>\n<meta name=\"description\" content=\"Aprende, centros escolares, colegios, Leitzaran, Leizar\u00e1n, ikastola, programa de formaci\u00f3n, educaci\u00f3n\" \/>\n<meta name=\"robots\" content=\"index, follow, max-snippet:-1, max-image-preview:large, max-video-preview:-1\" \/>\n<link rel=\"canonical\" href=\"https:\/\/www.leitzaran-andoain.eus\/es\/centros-escolares-leitzaran\/\" \/>\n<meta property=\"og:locale\" content=\"es_ES\" \/>\n<meta property=\"og:type\" content=\"article\" \/>\n<meta property=\"og:title\" content=\"CENTROS ESCOLARES - Leitzaran Bisitarien Etxea\" \/>\n<meta property=\"og:description\" content=\"Aprende, centros escolares, colegios, Leitzaran, Leizar\u00e1n, ikastola, programa de formaci\u00f3n, educaci\u00f3n\" \/>\n<meta property=\"og:url\" content=\"https:\/\/www.leitzaran-andoain.eus\/es\/centros-escolares-leitzaran\/\" \/>\n<meta property=\"og:site_name\" content=\"Leitzaran Bisitarien Etxea\" \/>\n<meta property=\"article:publisher\" content=\"https:\/\/www.facebook.com\/leitzaran.bisitarien.etxea\/\" \/>\n<meta property=\"article:modified_time\" content=\"2024-01-24T13:37:50+00:00\" \/>\n<meta property=\"og:image\" content=\"https:\/\/www.leitzaran-andoain.eus\/wp-content\/uploads\/2024\/01\/ideas2030-logo-agenda-2030-azul-300x199.png\" \/>\n<meta name=\"twitter:card\" content=\"summary\" \/>\n<meta name=\"twitter:label1\" content=\"Tiempo de lectura\" \/>\n\t<meta name=\"twitter:data1\" content=\"6 minutos\" \/>\n<script type=\"application\/ld+json\" class=\"yoast-schema-graph\">{\"@context\":\"https:\/\/schema.org\",\"@graph\":[{\"@type\":\"WebSite\",\"@id\":\"https:\/\/www.leitzaran-andoain.eus\/#website\",\"url\":\"https:\/\/www.leitzaran-andoain.eus\/\",\"name\":\"Leitzaran Bisitarien Etxea\",\"description\":\"Leitzaran: Uraren interpretazio gunea eta bidezidor kirolaren interpretazio ibilbidea\",\"potentialAction\":[{\"@type\":\"SearchAction\",\"target\":{\"@type\":\"EntryPoint\",\"urlTemplate\":\"https:\/\/www.leitzaran-andoain.eus\/?s={search_term_string}\"},\"query-input\":\"required name=search_term_string\"}],\"inLanguage\":\"es\"},{\"@type\":\"ImageObject\",\"@id\":\"https:\/\/www.leitzaran-andoain.eus\/es\/centros-escolares-leitzaran\/#primaryimage\",\"inLanguage\":\"es\",\"url\":\"https:\/\/www.leitzaran-andoain.eus\/wp-content\/uploads\/2024\/01\/ideas2030-logo-agenda-2030-azul.png\",\"contentUrl\":\"https:\/\/www.leitzaran-andoain.eus\/wp-content\/uploads\/2024\/01\/ideas2030-logo-agenda-2030-azul.png\",\"width\":459,\"height\":304},{\"@type\":\"WebPage\",\"@id\":\"https:\/\/www.leitzaran-andoain.eus\/es\/centros-escolares-leitzaran\/#webpage\",\"url\":\"https:\/\/www.leitzaran-andoain.eus\/es\/centros-escolares-leitzaran\/\",\"name\":\"CENTROS ESCOLARES - Leitzaran Bisitarien Etxea\",\"isPartOf\":{\"@id\":\"https:\/\/www.leitzaran-andoain.eus\/#website\"},\"primaryImageOfPage\":{\"@id\":\"https:\/\/www.leitzaran-andoain.eus\/es\/centros-escolares-leitzaran\/#primaryimage\"},\"datePublished\":\"2016-10-24T08:28:25+00:00\",\"dateModified\":\"2024-01-24T13:37:50+00:00\",\"description\":\"Aprende, centros escolares, colegios, Leitzaran, Leizar\u00e1n, ikastola, programa de formaci\u00f3n, educaci\u00f3n\",\"breadcrumb\":{\"@id\":\"https:\/\/www.leitzaran-andoain.eus\/es\/centros-escolares-leitzaran\/#breadcrumb\"},\"inLanguage\":\"es\",\"potentialAction\":[{\"@type\":\"ReadAction\",\"target\":[\"https:\/\/www.leitzaran-andoain.eus\/es\/centros-escolares-leitzaran\/\"]}]},{\"@type\":\"BreadcrumbList\",\"@id\":\"https:\/\/www.leitzaran-andoain.eus\/es\/centros-escolares-leitzaran\/#breadcrumb\",\"itemListElement\":[{\"@type\":\"ListItem\",\"position\":1,\"name\":\"Portada\",\"item\":\"https:\/\/www.leitzaran-andoain.eus\/es\/\"},{\"@type\":\"ListItem\",\"position\":2,\"name\":\"CENTROS ESCOLARES\"}]}]}<\/script>\n<!-- \/ Yoast SEO plugin. -->","yoast_head_json":{"title":"CENTROS ESCOLARES - Leitzaran Bisitarien Etxea","description":"Aprende, centros escolares, colegios, Leitzaran, Leizar\u00e1n, ikastola, programa de formaci\u00f3n, educaci\u00f3n","robots":{"index":"index","follow":"follow","max-snippet":"max-snippet:-1","max-image-preview":"max-image-preview:large","max-video-preview":"max-video-preview:-1"},"canonical":"https:\/\/www.leitzaran-andoain.eus\/es\/centros-escolares-leitzaran\/","og_locale":"es_ES","og_type":"article","og_title":"CENTROS ESCOLARES - Leitzaran Bisitarien Etxea","og_description":"Aprende, centros escolares, colegios, Leitzaran, Leizar\u00e1n, ikastola, programa de formaci\u00f3n, educaci\u00f3n","og_url":"https:\/\/www.leitzaran-andoain.eus\/es\/centros-escolares-leitzaran\/","og_site_name":"Leitzaran Bisitarien Etxea","article_publisher":"https:\/\/www.facebook.com\/leitzaran.bisitarien.etxea\/","article_modified_time":"2024-01-24T13:37:50+00:00","og_image":[{"url":"https:\/\/www.leitzaran-andoain.eus\/wp-content\/uploads\/2024\/01\/ideas2030-logo-agenda-2030-azul-300x199.png"}],"twitter_card":"summary","twitter_misc":{"Tiempo de lectura":"6 minutos"},"schema":{"@context":"https:\/\/schema.org","@graph":[{"@type":"WebSite","@id":"https:\/\/www.leitzaran-andoain.eus\/#website","url":"https:\/\/www.leitzaran-andoain.eus\/","name":"Leitzaran Bisitarien Etxea","description":"Leitzaran: Uraren interpretazio gunea eta bidezidor kirolaren interpretazio ibilbidea","potentialAction":[{"@type":"SearchAction","target":{"@type":"EntryPoint","urlTemplate":"https:\/\/www.leitzaran-andoain.eus\/?s={search_term_string}"},"query-input":"required name=search_term_string"}],"inLanguage":"es"},{"@type":"ImageObject","@id":"https:\/\/www.leitzaran-andoain.eus\/es\/centros-escolares-leitzaran\/#primaryimage","inLanguage":"es","url":"https:\/\/www.leitzaran-andoain.eus\/wp-content\/uploads\/2024\/01\/ideas2030-logo-agenda-2030-azul.png","contentUrl":"https:\/\/www.leitzaran-andoain.eus\/wp-content\/uploads\/2024\/01\/ideas2030-logo-agenda-2030-azul.png","width":459,"height":304},{"@type":"WebPage","@id":"https:\/\/www.leitzaran-andoain.eus\/es\/centros-escolares-leitzaran\/#webpage","url":"https:\/\/www.leitzaran-andoain.eus\/es\/centros-escolares-leitzaran\/","name":"CENTROS ESCOLARES - Leitzaran Bisitarien Etxea","isPartOf":{"@id":"https:\/\/www.leitzaran-andoain.eus\/#website"},"primaryImageOfPage":{"@id":"https:\/\/www.leitzaran-andoain.eus\/es\/centros-escolares-leitzaran\/#primaryimage"},"datePublished":"2016-10-24T08:28:25+00:00","dateModified":"2024-01-24T13:37:50+00:00","description":"Aprende, centros escolares, colegios, Leitzaran, Leizar\u00e1n, ikastola, programa de formaci\u00f3n, educaci\u00f3n","breadcrumb":{"@id":"https:\/\/www.leitzaran-andoain.eus\/es\/centros-escolares-leitzaran\/#breadcrumb"},"inLanguage":"es","potentialAction":[{"@type":"ReadAction","target":["https:\/\/www.leitzaran-andoain.eus\/es\/centros-escolares-leitzaran\/"]}]},{"@type":"BreadcrumbList","@id":"https:\/\/www.leitzaran-andoain.eus\/es\/centros-escolares-leitzaran\/#breadcrumb","itemListElement":[{"@type":"ListItem","position":1,"name":"Portada","item":"https:\/\/www.leitzaran-andoain.eus\/es\/"},{"@type":"ListItem","position":2,"name":"CENTROS ESCOLARES"}]}]}},"_links":{"self":[{"href":"https:\/\/www.leitzaran-andoain.eus\/es\/wp-json\/wp\/v2\/pages\/1891"}],"collection":[{"href":"https:\/\/www.leitzaran-andoain.eus\/es\/wp-json\/wp\/v2\/pages"}],"about":[{"href":"https:\/\/www.leitzaran-andoain.eus\/es\/wp-json\/wp\/v2\/types\/page"}],"author":[{"embeddable":true,"href":"https:\/\/www.leitzaran-andoain.eus\/es\/wp-json\/wp\/v2\/users\/1"}],"replies":[{"embeddable":true,"href":"https:\/\/www.leitzaran-andoain.eus\/es\/wp-json\/wp\/v2\/comments?post=1891"}],"version-history":[{"count":40,"href":"https:\/\/www.leitzaran-andoain.eus\/es\/wp-json\/wp\/v2\/pages\/1891\/revisions"}],"predecessor-version":[{"id":6363,"href":"https:\/\/www.leitzaran-andoain.eus\/es\/wp-json\/wp\/v2\/pages\/1891\/revisions\/6363"}],"wp:attachment":[{"href":"https:\/\/www.leitzaran-andoain.eus\/es\/wp-json\/wp\/v2\/media?parent=1891"}],"curies":[{"name":"wp","href":"https:\/\/api.w.org\/{rel}","templated":true}]}}